{"id":1428,"date":"2024-07-29T12:04:05","date_gmt":"2024-07-29T12:04:05","guid":{"rendered":"https:\/\/staging.mielesustainablefashion.ch\/miele\/"},"modified":"2025-07-02T12:04:16","modified_gmt":"2025-07-02T12:04:16","slug":"miele","status":"publish","type":"page","link":"https:\/\/mielesustainablefashion.ch\/it\/miele\/","title":{"rendered":"Miele"},"content":{"rendered":"\t\t<div data-elementor-type=\"wp-page\" data-elementor-id=\"1428\" class=\"elementor elementor-1428 elementor-737\" data-elementor-post-type=\"page\">\n\t\t\t\t<div class=\"elementor-element elementor-element-05aff5f e-flex e-con-boxed e-con e-parent\" data-id=\"05aff5f\" data-element_type=\"container\">\n\t\t\t\t\t<div class=\"e-con-inner\">\n\t\t\t\t\t<\/div>\n\t\t\t\t<\/div>\n\t\t<div class=\"elementor-element elementor-element-288a93ff e-flex e-con-boxed elementor-invisible e-con e-parent\" data-id=\"288a93ff\" data-element_type=\"container\" data-settings=\"{&quot;animation&quot;:&quot;slideInUp&quot;}\">\n\t\t\t\t\t<div class=\"e-con-inner\">\n\t\t<div class=\"elementor-element elementor-element-1b4f754e e-con-full e-flex e-con e-child\" data-id=\"1b4f754e\" data-element_type=\"container\" data-settings=\"{&quot;motion_fx_motion_fx_mouse&quot;:&quot;yes&quot;}\">\n\t\t\t\t<div class=\"elementor-element elementor-element-4e5a0cb elementor-widget elementor-widget-image\" data-id=\"4e5a0cb\" data-element_type=\"widget\" data-widget_type=\"image.default\">\n\t\t\t\t<div class=\"elementor-widget-container\">\n\t\t\t\t\t\t\t\t\t\t\t\t\t\t\t<img decoding=\"async\" width=\"1620\" height=\"1080\" src=\"https:\/\/mielesustainablefashion.ch\/wp-content\/uploads\/2024\/07\/andy-oehrli-1.jpg\" class=\"attachment-full size-full wp-image-1057\" alt=\"Portrait von Andy Oehrli\" srcset=\"https:\/\/mielesustainablefashion.ch\/wp-content\/uploads\/2024\/07\/andy-oehrli-1.jpg 1620w, https:\/\/mielesustainablefashion.ch\/wp-content\/uploads\/2024\/07\/andy-oehrli-1-300x200.jpg 300w, https:\/\/mielesustainablefashion.ch\/wp-content\/uploads\/2024\/07\/andy-oehrli-1-1024x683.jpg 1024w, https:\/\/mielesustainablefashion.ch\/wp-content\/uploads\/2024\/07\/andy-oehrli-1-768x512.jpg 768w, https:\/\/mielesustainablefashion.ch\/wp-content\/uploads\/2024\/07\/andy-oehrli-1-1536x1024.jpg 1536w\" sizes=\"(max-width: 1620px) 100vw, 1620px\" \/>\t\t\t\t\t\t\t\t\t\t\t\t\t\t\t<\/div>\n\t\t\t\t<\/div>\n\t\t\t\t<\/div>\n\t\t<div class=\"elementor-element elementor-element-ce53a68 e-con-full e-flex e-con e-child\" data-id=\"ce53a68\" data-element_type=\"container\">\n\t\t\t\t<div class=\"elementor-element elementor-element-e578f88 elementor-widget elementor-widget-heading\" data-id=\"e578f88\" data-element_type=\"widget\" data-widget_type=\"heading.default\">\n\t\t\t\t<div class=\"elementor-widget-container\">\n\t\t\t\t\t<h3 class=\"elementor-heading-title elementor-size-default\">Director Marketing di Miele<\/h3>\t\t\t\t<\/div>\n\t\t\t\t<\/div>\n\t\t\t\t<div class=\"elementor-element elementor-element-86ea9e7 elementor-widget elementor-widget-heading\" data-id=\"86ea9e7\" data-element_type=\"widget\" data-widget_type=\"heading.default\">\n\t\t\t\t<div class=\"elementor-widget-container\">\n\t\t\t\t\t<h2 class=\"elementor-heading-title elementor-size-default\">Andy Oehrli<\/h2>\t\t\t\t<\/div>\n\t\t\t\t<\/div>\n\t\t\t\t<div class=\"elementor-element elementor-element-6ba2d8d3 elementor-blockquote--skin-quotation elementor-blockquote--button-color-official elementor-widget elementor-widget-blockquote\" data-id=\"6ba2d8d3\" data-element_type=\"widget\" data-widget_type=\"blockquote.default\">\n\t\t\t\t<div class=\"elementor-widget-container\">\n\t\t\t\t\t\t\t<blockquote class=\"elementor-blockquote\">\n\t\t\t<p class=\"elementor-blockquote__content\">\n\t\t\t\t\"Sophie Fellay dimostra in modo impressionante come design, sostenibilit\u00e0 e artigianato possano fondersi in una visione ispiratrice per il futuro della moda. Siamo lieti di onorare il suo lavoro con questo premio e di accompagnarla nel suo percorso futuro\".\t\t\t<\/p>\n\t\t\t\t\t<\/blockquote>\n\t\t\t\t\t\t<\/div>\n\t\t\t\t<\/div>\n\t\t\t\t<\/div>\n\t\t\t\t\t<\/div>\n\t\t\t\t<\/div>\n\t\t<div class=\"elementor-element elementor-element-38130f2e e-con-full margin-left e-flex elementor-invisible e-con e-parent\" data-id=\"38130f2e\" data-element_type=\"container\" data-settings=\"{&quot;animation&quot;:&quot;slideInUp&quot;}\">\n\t\t<div class=\"elementor-element elementor-element-59c81aec e-con-full e-flex e-con e-child\" data-id=\"59c81aec\" data-element_type=\"container\" data-settings=\"{&quot;motion_fx_motion_fx_scrolling&quot;:&quot;yes&quot;,&quot;motion_fx_translateX_effect&quot;:&quot;yes&quot;,&quot;motion_fx_translateX_speed&quot;:{&quot;unit&quot;:&quot;px&quot;,&quot;size&quot;:2,&quot;sizes&quot;:[]},&quot;motion_fx_translateX_affectedRange&quot;:{&quot;unit&quot;:&quot;%&quot;,&quot;size&quot;:&quot;&quot;,&quot;sizes&quot;:{&quot;start&quot;:0,&quot;end&quot;:50}},&quot;motion_fx_translateX_direction&quot;:&quot;negative&quot;,&quot;motion_fx_devices&quot;:[&quot;desktop&quot;,&quot;tablet&quot;]}\">\n\t\t\t\t<div class=\"elementor-element elementor-element-75983d13 elementor-widget elementor-widget-heading\" data-id=\"75983d13\" data-element_type=\"widget\" data-widget_type=\"heading.default\">\n\t\t\t\t<div class=\"elementor-widget-container\">\n\t\t\t\t\t<h2 class=\"elementor-heading-title elementor-size-default\">Miele<\/h2>\t\t\t\t<\/div>\n\t\t\t\t<\/div>\n\t\t\t\t<div class=\"elementor-element elementor-element-126c9f1b elementor-widget elementor-widget-text-editor\" data-id=\"126c9f1b\" data-element_type=\"widget\" data-widget_type=\"text-editor.default\">\n\t\t\t\t<div class=\"elementor-widget-container\">\n\t\t\t\t\t\t\t\t\t<p>La sostenibilit\u00e0 \u00e8 parte della nostra filosofia e ci impegniamo costantemente per trovare soluzioni ecologiche. Con Miele \u00e8 possibile prendersi cura della biancheria in modo efficiente ed ecologico senza rinunciare alla qualit\u00e0. <\/p>\n<p>La moda sostenibile designa una produzione di capi pi\u00f9 rispettosi dell\u2019ambiente e socialmente responsabili. L\u2019obiettivo \u00e8 quello di preservare le risorse, ridurre la quantit\u00e0 di rifiuti e offrire condizioni di lavoro pi\u00f9 eque alle persone coinvolte nella produzione. <\/p>\n<p>E questi principi sono perfettamente in linea con Miele, poich\u00e9 le lavatrici e le asciugatrici Miele sono dotate di tecnologie innovative che riducono al minimo il consumo di acqua e il fabbisogno energetico. Utilizziamo materiali di alta qualit\u00e0 e componenti resistenti per garantire una lunga durata dei nostri apparecchi e ridurre la necessit\u00e0 di pezzi di ricambio. <\/p>\n\t\t\t\t\t\t\t\t<\/div>\n\t\t\t\t<\/div>\n\t\t\t\t<div class=\"elementor-element elementor-element-b1f81c8 elementor-widget elementor-widget-button\" data-id=\"b1f81c8\" data-element_type=\"widget\" data-widget_type=\"button.default\">\n\t\t\t\t<div class=\"elementor-widget-container\">\n\t\t\t\t\t\t\t\t\t<div class=\"elementor-button-wrapper\">\n\t\t\t\t\t<a class=\"elementor-button elementor-button-link elementor-size-sm\" href=\"https:\/\/www.miele.ch\/it\/c\/qait-cura-della-biancheria-3347.htm\" target=\"_blank\">\n\t\t\t\t\t\t<span class=\"elementor-button-content-wrapper\">\n\t\t\t\t\t\t\t\t\t<span class=\"elementor-button-text\">Cura della biancheria Miele<\/span>\n\t\t\t\t\t<\/span>\n\t\t\t\t\t<\/a>\n\t\t\t\t<\/div>\n\t\t\t\t\t\t\t\t<\/div>\n\t\t\t\t<\/div>\n\t\t\t\t<\/div>\n\t\t<div class=\"elementor-element elementor-element-52260fed e-con-full e-flex e-con e-child\" data-id=\"52260fed\" data-element_type=\"container\" data-settings=\"{&quot;motion_fx_motion_fx_scrolling&quot;:&quot;yes&quot;,&quot;motion_fx_translateX_effect&quot;:&quot;yes&quot;,&quot;motion_fx_translateX_speed&quot;:{&quot;unit&quot;:&quot;px&quot;,&quot;size&quot;:2,&quot;sizes&quot;:[]},&quot;motion_fx_translateX_affectedRange&quot;:{&quot;unit&quot;:&quot;%&quot;,&quot;size&quot;:&quot;&quot;,&quot;sizes&quot;:{&quot;start&quot;:0,&quot;end&quot;:50}},&quot;motion_fx_devices&quot;:[&quot;desktop&quot;,&quot;tablet&quot;,&quot;mobile&quot;]}\">\n\t\t\t\t<div class=\"elementor-element elementor-element-59ac1c1d elementor-widget elementor-widget-image\" data-id=\"59ac1c1d\" data-element_type=\"widget\" data-widget_type=\"image.default\">\n\t\t\t\t<div class=\"elementor-widget-container\">\n\t\t\t\t\t\t\t\t\t\t\t\t\t\t\t<img decoding=\"async\" width=\"950\" height=\"582\" src=\"https:\/\/mielesustainablefashion.ch\/wp-content\/uploads\/2024\/07\/waschmaschinee_miele-1.jpg\" class=\"attachment-full size-full wp-image-1069\" alt=\"Miele Waschmaschine wird bedient\" srcset=\"https:\/\/mielesustainablefashion.ch\/wp-content\/uploads\/2024\/07\/waschmaschinee_miele-1.jpg 950w, https:\/\/mielesustainablefashion.ch\/wp-content\/uploads\/2024\/07\/waschmaschinee_miele-1-300x184.jpg 300w, https:\/\/mielesustainablefashion.ch\/wp-content\/uploads\/2024\/07\/waschmaschinee_miele-1-768x471.jpg 768w\" sizes=\"(max-width: 950px) 100vw, 950px\" \/>\t\t\t\t\t\t\t\t\t\t\t\t\t\t\t<\/div>\n\t\t\t\t<\/div>\n\t\t\t\t<\/div>\n\t\t\t\t<\/div>\n\t\t\t\t<\/div>\n\t\t","protected":false},"excerpt":{"rendered":"<p>Director Marketing di Miele Andy Oehrli &#8220;Sophie Fellay dimostra in modo impressionante come design, sostenibilit\u00e0 e artigianato possano fondersi in una visione ispiratrice per il futuro della moda. Siamo lieti di onorare il suo lavoro con questo premio e di accompagnarla nel suo percorso futuro&#8221;. Miele La sostenibilit\u00e0 \u00e8 parte della nostra filosofia e ci [&hellip;]<\/p>\n","protected":false},"author":1,"featured_media":0,"parent":0,"menu_order":0,"comment_status":"closed","ping_status":"closed","template":"","meta":{"footnotes":""},"class_list":["post-1428","page","type-page","status-publish","hentry"],"yoast_head":"<!-- This site is optimized with the Yoast SEO plugin v24.5 - https:\/\/yoast.com\/wordpress\/plugins\/seo\/ -->\n<title>Moda sostenibile con Miele - Miele Sustainable Fashion<\/title>\n<meta name=\"description\" content=\"Andy Oehrli sulla moda sostenibile con Miele e sulla premiazione di Yannik Zamboni al Miele x Mode Suisse Award.\" \/>\n<meta name=\"robots\" content=\"index, follow, max-snippet:-1, max-image-preview:large, max-video-preview:-1\" \/>\n<link rel=\"canonical\" href=\"https:\/\/mielesustainablefashion.ch\/it\/miele\/\" \/>\n<meta property=\"og:locale\" content=\"it_IT\" \/>\n<meta property=\"og:type\" content=\"article\" \/>\n<meta property=\"og:title\" content=\"Moda sostenibile con Miele - Miele Sustainable Fashion\" \/>\n<meta property=\"og:description\" content=\"Andy Oehrli sulla moda sostenibile con Miele e sulla premiazione di Yannik Zamboni al Miele x Mode Suisse Award.\" \/>\n<meta property=\"og:url\" content=\"https:\/\/mielesustainablefashion.ch\/it\/miele\/\" \/>\n<meta property=\"og:site_name\" content=\"Miele Sustainable Fashion\" \/>\n<meta property=\"article:modified_time\" content=\"2025-07-02T12:04:16+00:00\" \/>\n<meta property=\"og:image\" content=\"https:\/\/mielesustainablefashion.ch\/wp-content\/uploads\/2024\/07\/andy-oehrli-1.jpg\" \/>\n\t<meta property=\"og:image:width\" content=\"1620\" \/>\n\t<meta property=\"og:image:height\" content=\"1080\" \/>\n\t<meta property=\"og:image:type\" content=\"image\/webp\" \/>\n<meta name=\"twitter:card\" content=\"summary_large_image\" \/>\n<meta name=\"twitter:label1\" content=\"Tempo di lettura stimato\" \/>\n\t<meta name=\"twitter:data1\" content=\"2 minuti\" \/>\n<script type=\"application\/ld+json\" class=\"yoast-schema-graph\">{\"@context\":\"https:\/\/schema.org\",\"@graph\":[{\"@type\":\"WebPage\",\"@id\":\"https:\/\/mielesustainablefashion.ch\/it\/miele\/\",\"url\":\"https:\/\/mielesustainablefashion.ch\/it\/miele\/\",\"name\":\"Moda sostenibile con Miele - Miele Sustainable Fashion\",\"isPartOf\":{\"@id\":\"https:\/\/mielesustainablefashion.ch\/it\/#website\"},\"primaryImageOfPage\":{\"@id\":\"https:\/\/mielesustainablefashion.ch\/it\/miele\/#primaryimage\"},\"image\":{\"@id\":\"https:\/\/mielesustainablefashion.ch\/it\/miele\/#primaryimage\"},\"thumbnailUrl\":\"https:\/\/mielesustainablefashion.ch\/wp-content\/uploads\/2024\/07\/andy-oehrli-1.jpg\",\"datePublished\":\"2024-07-29T12:04:05+00:00\",\"dateModified\":\"2025-07-02T12:04:16+00:00\",\"description\":\"Andy Oehrli sulla moda sostenibile con Miele e sulla premiazione di Yannik Zamboni al Miele x Mode Suisse Award.\",\"breadcrumb\":{\"@id\":\"https:\/\/mielesustainablefashion.ch\/it\/miele\/#breadcrumb\"},\"inLanguage\":\"it-IT\",\"potentialAction\":[{\"@type\":\"ReadAction\",\"target\":[\"https:\/\/mielesustainablefashion.ch\/it\/miele\/\"]}]},{\"@type\":\"ImageObject\",\"inLanguage\":\"it-IT\",\"@id\":\"https:\/\/mielesustainablefashion.ch\/it\/miele\/#primaryimage\",\"url\":\"https:\/\/mielesustainablefashion.ch\/wp-content\/uploads\/2024\/07\/andy-oehrli-1.jpg\",\"contentUrl\":\"https:\/\/mielesustainablefashion.ch\/wp-content\/uploads\/2024\/07\/andy-oehrli-1.jpg\"},{\"@type\":\"BreadcrumbList\",\"@id\":\"https:\/\/mielesustainablefashion.ch\/it\/miele\/#breadcrumb\",\"itemListElement\":[{\"@type\":\"ListItem\",\"position\":1,\"name\":\"Startseite\",\"item\":\"https:\/\/mielesustainablefashion.ch\/it\/\"},{\"@type\":\"ListItem\",\"position\":2,\"name\":\"Miele\"}]},{\"@type\":\"WebSite\",\"@id\":\"https:\/\/mielesustainablefashion.ch\/it\/#website\",\"url\":\"https:\/\/mielesustainablefashion.ch\/it\/\",\"name\":\"Miele Sustainable Fashion\",\"description\":\"\",\"publisher\":{\"@id\":\"https:\/\/mielesustainablefashion.ch\/it\/#organization\"},\"potentialAction\":[{\"@type\":\"SearchAction\",\"target\":{\"@type\":\"EntryPoint\",\"urlTemplate\":\"https:\/\/mielesustainablefashion.ch\/it\/?s={search_term_string}\"},\"query-input\":{\"@type\":\"PropertyValueSpecification\",\"valueRequired\":true,\"valueName\":\"search_term_string\"}}],\"inLanguage\":\"it-IT\"},{\"@type\":\"Organization\",\"@id\":\"https:\/\/mielesustainablefashion.ch\/it\/#organization\",\"name\":\"Miele Sustainable Fashion\",\"url\":\"https:\/\/mielesustainablefashion.ch\/it\/\",\"logo\":{\"@type\":\"ImageObject\",\"inLanguage\":\"it-IT\",\"@id\":\"https:\/\/mielesustainablefashion.ch\/it\/#\/schema\/logo\/image\/\",\"url\":\"https:\/\/mielesustainablefashion.ch\/wp-content\/uploads\/2023\/10\/Miele_Logo_Red_sRGB.png\",\"contentUrl\":\"https:\/\/mielesustainablefashion.ch\/wp-content\/uploads\/2023\/10\/Miele_Logo_Red_sRGB.png\",\"width\":2000,\"height\":766,\"caption\":\"Miele Sustainable Fashion\"},\"image\":{\"@id\":\"https:\/\/mielesustainablefashion.ch\/it\/#\/schema\/logo\/image\/\"}}]}<\/script>\n<!-- \/ Yoast SEO plugin. -->","yoast_head_json":{"title":"Moda sostenibile con Miele - Miele Sustainable Fashion","description":"Andy Oehrli sulla moda sostenibile con Miele e sulla premiazione di Yannik Zamboni al Miele x Mode Suisse Award.","robots":{"index":"index","follow":"follow","max-snippet":"max-snippet:-1","max-image-preview":"max-image-preview:large","max-video-preview":"max-video-preview:-1"},"canonical":"https:\/\/mielesustainablefashion.ch\/it\/miele\/","og_locale":"it_IT","og_type":"article","og_title":"Moda sostenibile con Miele - Miele Sustainable Fashion","og_description":"Andy Oehrli sulla moda sostenibile con Miele e sulla premiazione di Yannik Zamboni al Miele x Mode Suisse Award.","og_url":"https:\/\/mielesustainablefashion.ch\/it\/miele\/","og_site_name":"Miele Sustainable Fashion","article_modified_time":"2025-07-02T12:04:16+00:00","og_image":[{"width":1620,"height":1080,"url":"https:\/\/mielesustainablefashion.ch\/wp-content\/uploads\/2024\/07\/andy-oehrli-1.jpg","type":"image\/webp"}],"twitter_card":"summary_large_image","twitter_misc":{"Tempo di lettura stimato":"2 minuti"},"schema":{"@context":"https:\/\/schema.org","@graph":[{"@type":"WebPage","@id":"https:\/\/mielesustainablefashion.ch\/it\/miele\/","url":"https:\/\/mielesustainablefashion.ch\/it\/miele\/","name":"Moda sostenibile con Miele - Miele Sustainable Fashion","isPartOf":{"@id":"https:\/\/mielesustainablefashion.ch\/it\/#website"},"primaryImageOfPage":{"@id":"https:\/\/mielesustainablefashion.ch\/it\/miele\/#primaryimage"},"image":{"@id":"https:\/\/mielesustainablefashion.ch\/it\/miele\/#primaryimage"},"thumbnailUrl":"https:\/\/mielesustainablefashion.ch\/wp-content\/uploads\/2024\/07\/andy-oehrli-1.jpg","datePublished":"2024-07-29T12:04:05+00:00","dateModified":"2025-07-02T12:04:16+00:00","description":"Andy Oehrli sulla moda sostenibile con Miele e sulla premiazione di Yannik Zamboni al Miele x Mode Suisse Award.","breadcrumb":{"@id":"https:\/\/mielesustainablefashion.ch\/it\/miele\/#breadcrumb"},"inLanguage":"it-IT","potentialAction":[{"@type":"ReadAction","target":["https:\/\/mielesustainablefashion.ch\/it\/miele\/"]}]},{"@type":"ImageObject","inLanguage":"it-IT","@id":"https:\/\/mielesustainablefashion.ch\/it\/miele\/#primaryimage","url":"https:\/\/mielesustainablefashion.ch\/wp-content\/uploads\/2024\/07\/andy-oehrli-1.jpg","contentUrl":"https:\/\/mielesustainablefashion.ch\/wp-content\/uploads\/2024\/07\/andy-oehrli-1.jpg"},{"@type":"BreadcrumbList","@id":"https:\/\/mielesustainablefashion.ch\/it\/miele\/#breadcrumb","itemListElement":[{"@type":"ListItem","position":1,"name":"Startseite","item":"https:\/\/mielesustainablefashion.ch\/it\/"},{"@type":"ListItem","position":2,"name":"Miele"}]},{"@type":"WebSite","@id":"https:\/\/mielesustainablefashion.ch\/it\/#website","url":"https:\/\/mielesustainablefashion.ch\/it\/","name":"Miele Sustainable Fashion","description":"","publisher":{"@id":"https:\/\/mielesustainablefashion.ch\/it\/#organization"},"potentialAction":[{"@type":"SearchAction","target":{"@type":"EntryPoint","urlTemplate":"https:\/\/mielesustainablefashion.ch\/it\/?s={search_term_string}"},"query-input":{"@type":"PropertyValueSpecification","valueRequired":true,"valueName":"search_term_string"}}],"inLanguage":"it-IT"},{"@type":"Organization","@id":"https:\/\/mielesustainablefashion.ch\/it\/#organization","name":"Miele Sustainable Fashion","url":"https:\/\/mielesustainablefashion.ch\/it\/","logo":{"@type":"ImageObject","inLanguage":"it-IT","@id":"https:\/\/mielesustainablefashion.ch\/it\/#\/schema\/logo\/image\/","url":"https:\/\/mielesustainablefashion.ch\/wp-content\/uploads\/2023\/10\/Miele_Logo_Red_sRGB.png","contentUrl":"https:\/\/mielesustainablefashion.ch\/wp-content\/uploads\/2023\/10\/Miele_Logo_Red_sRGB.png","width":2000,"height":766,"caption":"Miele Sustainable Fashion"},"image":{"@id":"https:\/\/mielesustainablefashion.ch\/it\/#\/schema\/logo\/image\/"}}]}},"_links":{"self":[{"href":"https:\/\/mielesustainablefashion.ch\/it\/wp-json\/wp\/v2\/pages\/1428","targetHints":{"allow":["GET"]}}],"collection":[{"href":"https:\/\/mielesustainablefashion.ch\/it\/wp-json\/wp\/v2\/pages"}],"about":[{"href":"https:\/\/mielesustainablefashion.ch\/it\/wp-json\/wp\/v2\/types\/page"}],"author":[{"embeddable":true,"href":"https:\/\/mielesustainablefashion.ch\/it\/wp-json\/wp\/v2\/users\/1"}],"replies":[{"embeddable":true,"href":"https:\/\/mielesustainablefashion.ch\/it\/wp-json\/wp\/v2\/comments?post=1428"}],"version-history":[{"count":4,"href":"https:\/\/mielesustainablefashion.ch\/it\/wp-json\/wp\/v2\/pages\/1428\/revisions"}],"predecessor-version":[{"id":2407,"href":"https:\/\/mielesustainablefashion.ch\/it\/wp-json\/wp\/v2\/pages\/1428\/revisions\/2407"}],"wp:attachment":[{"href":"https:\/\/mielesustainablefashion.ch\/it\/wp-json\/wp\/v2\/media?parent=1428"}],"curies":[{"name":"wp","href":"https:\/\/api.w.org\/{rel}","templated":true}]}}